{"id":57776,"date":"2023-01-05T15:02:02","date_gmt":"2023-01-05T15:02:02","guid":{"rendered":"https:\/\/plevier.com\/?page_id=57776"},"modified":"2023-03-11T09:52:57","modified_gmt":"2023-03-11T09:52:57","slug":"evenementen","status":"publish","type":"page","link":"https:\/\/plevier.com\/fr\/evenementen\/","title":{"rendered":"\u00c9v\u00e9nements"},"content":{"rendered":"<section class=\"wpb-content-wrapper\"><p>[vc_row full_width=\u00a0\u00bbstretch_row\u00a0\u00bb bg_type=\u00a0\u00bbimage\u00a0\u00bb parallax_style=\u00a0\u00bbvcpb-default\u00a0\u00bb bg_image_new=\u00a0\u00bbid^57804|url^https:\/\/plevier.com\/wp-content\/uploads\/2023\/01\/Evenementen-1.png|caption^null|alt^null|title^Evenementen|description^null\u00a0\u00bb bg_image_repeat=\u00a0\u00bbno-repeat\u00a0\u00bb type=\u00a0\u00bbvc_default\u00a0\u00bb margin_top=\u00a0\u00bb-50&Prime; css=\u00a0\u00bb.vc_custom_1673017747748{padding-top: 8% !important;padding-bottom: 8% !important;background-color: #000000 !important;}\u00a0\u00bb][vc_column offset=\u00a0\u00bbvc_col-lg-12 vc_col-md-12&Prime; css=\u00a0\u00bb.vc_custom_1476030031960{padding-bottom: 10px !important;}\u00a0\u00bb]<style type=\"text\/css\" data-type=\"the7_shortcodes-inline-css\">.dt-shortcode-icon.icon-e41f358d43d887faa6310f1256db0d5f {\n  min-width: 64px;\n  min-height: 64px;\n  font-size: 64px;\n  border-radius: 100px;\n}\n.dt-shortcode-icon.icon-e41f358d43d887faa6310f1256db0d5f:last-child {\n  margin-right: 0;\n}\n.dt-shortcode-icon.icon-e41f358d43d887faa6310f1256db0d5f .icon-inner {\n  margin: 0px;\n  min-width: 64px;\n  min-height: 64px;\n  border-radius: 100px;\n}\n.dt-shortcode-icon.icon-e41f358d43d887faa6310f1256db0d5f .dt-hover-icon {\n  line-height: 64px;\n}\n.dt-shortcode-icon.icon-e41f358d43d887faa6310f1256db0d5f:before,\n.dt-shortcode-icon.icon-e41f358d43d887faa6310f1256db0d5f:after,\n.dt-shortcode-icon.icon-e41f358d43d887faa6310f1256db0d5f .icon-inner:before,\n.dt-shortcode-icon.icon-e41f358d43d887faa6310f1256db0d5f .icon-inner:after {\n  min-width: 100%;\n  min-height: 100%;\n  padding: inherit;\n  border-radius: inherit;\n}\n.dt-shortcode-icon.icon-e41f358d43d887faa6310f1256db0d5f.dt-icon-border-on:before {\n  border-width: 0px;\n  border-style: solid;\n}\n.dt-icon-border-dashed.dt-shortcode-icon.icon-e41f358d43d887faa6310f1256db0d5f.dt-icon-border-on:before {\n  border-style: dashed;\n}\n.dt-icon-border-dotted.dt-shortcode-icon.icon-e41f358d43d887faa6310f1256db0d5f.dt-icon-border-on:before {\n  border-style: dotted;\n}\n.dt-icon-border-double.dt-shortcode-icon.icon-e41f358d43d887faa6310f1256db0d5f.dt-icon-border-on:before {\n  border-style: double;\n}\n.dt-shortcode-icon.icon-e41f358d43d887faa6310f1256db0d5f.dt-icon-hover-border-on:after {\n  border-width: 0px;\n  border-style: solid;\n}\n.dt-icon-border-dashed.dt-shortcode-icon.icon-e41f358d43d887faa6310f1256db0d5f.dt-icon-hover-border-on:after {\n  border-style: dashed;\n}\n.dt-icon-border-dotted.dt-shortcode-icon.icon-e41f358d43d887faa6310f1256db0d5f.dt-icon-hover-border-on:after {\n  border-style: dotted;\n}\n.dt-icon-border-double.dt-shortcode-icon.icon-e41f358d43d887faa6310f1256db0d5f.dt-icon-hover-border-on:after {\n  border-style: double;\n}\n.dt-shortcode-icon.icon-e41f358d43d887faa6310f1256db0d5f.dt-icon-hover-on:hover {\n  font-size: 64px;\n}\n.dt-shortcode-icon.icon-e41f358d43d887faa6310f1256db0d5f .soc-font-icon,\n.dt-shortcode-icon.icon-e41f358d43d887faa6310f1256db0d5f .soc-icon {\n  font-size: 64px;\n}\n<\/style><div class=\"dt-shortcode-icon-wrap dt-icon-center \"><span  class=\"anchor-link far fa-calendar icon-e41f358d43d887faa6310f1256db0d5f dt-shortcode-icon dt-icon-bg-off dt-icon-hover-on dt-icon-hover-bg-off dt-icon-animate-scale  vc_custom_1673799113581 \" ><span class=\"icon-inner\"><i class=\"dt-regular-icon soc-icon far fa-calendar\"><\/i><i class=\"dt-hover-icon soc-icon far fa-calendar\"><\/i><span class=\"screen-reader-text\"><\/span><\/span><\/span><\/div><div id=\"ultimate-heading-260269ef9d788e877\" class=\"uvc-heading ult-adjust-bottom-margin ultimate-heading-260269ef9d788e877 uvc-5166 \" data-hspacer=\"no_spacer\"  data-halign=\"center\" style=\"text-align:center\"><div class=\"uvc-heading-spacer no_spacer\" style=\"top\"><\/div><div class=\"uvc-sub-heading ult-responsive\"  data-ultimate-target='.uvc-heading.ultimate-heading-260269ef9d788e877 .uvc-sub-heading '  data-responsive-json-new='{\"font-size\":\"desktop:52px;mobile_landscape:34px;mobile:24px;\",\"line-height\":\"desktop:62px;mobile_landscape:44px;mobile:34px;\"}'  style=\"font-weight:bold;color:#ffffff;\"><\/p>\n<p style=\"text-align: left;\">\u00c9v\u00e9nements<\/p>\n<p><\/div><\/div>[\/vc_column][\/vc_row][vc_row][vc_column][vc_column_text css=\u00a0\u00bb.vc_custom_1674496092849{padding-top: 30px !important;padding-bottom: 30px !important;}\u00a0\u00bb]<\/p>\n<p style=\"text-align: center;\"><strong>Voulez-vous profiter de voitures sp\u00e9ciales? Alors visitez l&rsquo;un des \u00e9v\u00e9nements ci-dessous!<\/strong><\/p>\n<p>[\/vc_column_text][\/vc_column][\/vc_row][vc_row full_width=\u00a0\u00bbstretch_row\u00a0\u00bb bg_type=\u00a0\u00bbbg_color\u00a0\u00bb type=\u00a0\u00bbvc_default\u00a0\u00bb margin_top=\u00a0\u00bb0&Prime; margin_bottom=\u00a0\u00bb-35&Prime; css=\u00a0\u00bb.vc_custom_1673018954407{padding-top: 70px !important;padding-bottom: 20px !important;}\u00a0\u00bb bg_color_value=\u00a0\u00bb#f7f7f7&Prime;][vc_column width=\u00a0\u00bb1\/2&Prime; offset=\u00a0\u00bbvc_col-lg-6 vc_col-md-5 vc_col-xs-12&Prime; css=\u00a0\u00bb.vc_custom_1673017106722{padding-bottom: 50px !important;}\u00a0\u00bb]<div id=\"ultimate-heading-437769ef9d788e895\" class=\"uvc-heading ult-adjust-bottom-margin ultimate-heading-437769ef9d788e895 uvc-811 accent-border-color uvc-heading-default-font-sizes\" data-hspacer=\"line_only\"  data-halign=\"left\" style=\"text-align:left\"><div class=\"uvc-main-heading ult-responsive\"  data-ultimate-target='.uvc-heading.ultimate-heading-437769ef9d788e895 h3'  data-responsive-json-new='{\"font-size\":\"\",\"line-height\":\"\"}' ><h3 style=\"font-weight:bold;margin-bottom:5px;\">British Cars &amp; Lifestyle<\/h3><\/div><div class=\"uvc-heading-spacer line_only\" style=\"margin-bottom:30px;height:3px;\"><span class=\"uvc-headings-line\" style=\"border-style:solid;border-bottom-width:3px;border-color:#ccc;width:70px;\"><\/span><\/div><\/div>[vc_column_text]Date : 11 et 12 mars 2023<\/p>\n<p>Lieu : Autotron, Rosmalen, Les Pays-Bas<\/p>\n<p>British Best depuis pr\u00e8s de 30 ans, avec de nouveaux exposants, des voitures diff\u00e9rentes et de nouveaux produits chaque ann\u00e9e.<\/p>\n<p>Diff\u00e9rents exposants viennent avec leur marchandise d&rsquo;outre-Manche. Ils proposent juste une pi\u00e8ce de voiture ou une pi\u00e8ce unique d&rsquo;antiquit\u00e9 qui n&rsquo;est pas disponible aux Pays-Bas. Avec de nombreux exposants, British CARS &amp; Lifestyle est sans aucun doute le plus grand salon avec des produits et des exp\u00e9riences de style de vie du Royaume-Uni.<\/p>\n<p>Diverses marques anglaises sont pr\u00e9sent\u00e9es \u00e0 British CARS and Lifestyle, telles que : Jaguar, Land Rover, Range Rover, Mini, Lotus, Aston Martin, Bentley, fraternelles aux c\u00f4t\u00e9s des classiques d&rsquo;Austin Healey, MG, Rolls Royce, Alvis, Riley, Triumph, Morgan et Classic Mini.[\/vc_column_text][vc_row_inner][vc_column_inner]<style type=\"text\/css\" data-type=\"the7_shortcodes-inline-css\">#default-btn-5bb1e5628e90b1fe2c2676553a5c57fa.ico-right-side > i {\n  margin-right: 0px;\n  margin-left: 8px;\n}\n#default-btn-5bb1e5628e90b1fe2c2676553a5c57fa > i {\n  margin-right: 8px;\n}\n<\/style><a href=\"https:\/\/britishcarsandlifestyle.nl\" class=\"default-btn-shortcode dt-btn dt-btn-m link-hover-off btn-inline-left  vc_custom_1674496861256\" target=\"_blank\" id=\"default-btn-5bb1e5628e90b1fe2c2676553a5c57fa\" title=\"Site British Cars & Lifestyle\" rel=\"noopener\"><span>Site Internet British Cars &amp; Lifestyle<\/span><\/a>[\/vc_column_inner][\/vc_row_inner][\/vc_column][vc_column width=\u00a0\u00bb1\/2&Prime; offset=\u00a0\u00bbvc_col-lg-6 vc_col-md-7 vc_col-xs-12&Prime; css=\u00a0\u00bb.vc_custom_1573333782790{padding-bottom: 20px !important;}\u00a0\u00bb][vc_single_image image=\u00a0\u00bb57793&Prime; img_size=\u00a0\u00bbfull\u00a0\u00bb style=\u00a0\u00bbvc_box_shadow_3d\u00a0\u00bb css_animation=\u00a0\u00bbfadeIn\u00a0\u00bb][\/vc_column][\/vc_row][vc_row][vc_column][vc_separator][\/vc_column][\/vc_row][vc_row type=\u00a0\u00bbvc_default\u00a0\u00bb margin_top=\u00a0\u00bb0&Prime; margin_bottom=\u00a0\u00bb-35&Prime; css=\u00a0\u00bb.vc_custom_1573333785997{padding-top: 70px !important;padding-bottom: 20px !important;}\u00a0\u00bb][vc_column offset=\u00a0\u00bbvc_col-lg-6 vc_col-md-7 vc_col-xs-12&Prime; css=\u00a0\u00bb.vc_custom_1573333782790{padding-bottom: 20px !important;}\u00a0\u00bb][vc_single_image image=\u00a0\u00bb57799&Prime; img_size=\u00a0\u00bbfull\u00a0\u00bb style=\u00a0\u00bbvc_box_shadow_3d\u00a0\u00bb css_animation=\u00a0\u00bbfadeIn\u00a0\u00bb][\/vc_column][vc_column offset=\u00a0\u00bbvc_col-lg-6 vc_col-md-5 vc_col-xs-12&Prime; css=\u00a0\u00bb.vc_custom_1573333097721{padding-bottom: 50px !important;}\u00a0\u00bb]<div id=\"ultimate-heading-572469ef9d788e916\" class=\"uvc-heading ult-adjust-bottom-margin ultimate-heading-572469ef9d788e916 uvc-561 accent-border-color uvc-heading-default-font-sizes\" data-hspacer=\"line_only\"  data-halign=\"left\" style=\"text-align:left\"><div class=\"uvc-main-heading ult-responsive\"  data-ultimate-target='.uvc-heading.ultimate-heading-572469ef9d788e916 h3'  data-responsive-json-new='{\"font-size\":\"\",\"line-height\":\"\"}' ><h3 style=\"font-weight:bold;margin-bottom:5px;\">Citro-Classica<\/h3><\/div><div class=\"uvc-heading-spacer line_only\" style=\"margin-bottom:30px;height:3px;\"><span class=\"uvc-headings-line\" style=\"border-style:solid;border-bottom-width:3px;border-color:#ccc;width:70px;\"><\/span><\/div><\/div>[vc_column_text]Date : 28, 29 et 30 avril 2023<\/p>\n<p>Lieu : A\u00e9roport de Twenthe &#8211; Enschede, Les Pays-Bas<\/p>\n<p>Nouveau festival autour de DS, 2CV et autres joyaux Citro\u00ebn \u00e0 la Base A\u00e9rienne de Twenthe<\/p>\n<p>Pour les passionn\u00e9s de Citro\u00ebn (du plus grand au plus petit) : le printemps \u00e0 la fran\u00e7aise , activit\u00e9s gratuites pour les enfants.<\/p>\n<p>March\u00e9 aux pi\u00e8ces, vente de voitures, brocante, th\u00e9\u00e2tre de rue, restauration, musique et camping.<\/p>\n<p>Avec une soir\u00e9e super festive avec de la musique live le vendredi et le samedi.[\/vc_column_text][vc_row_inner][vc_column_inner]<style type=\"text\/css\" data-type=\"the7_shortcodes-inline-css\">#default-btn-4eeaf46270a68eefad73f447a40592e0.ico-right-side > i {\n  margin-right: 0px;\n  margin-left: 8px;\n}\n#default-btn-4eeaf46270a68eefad73f447a40592e0 > i {\n  margin-right: 8px;\n}\n<\/style><a href=\"https:\/\/www.citro-classica.nl\" class=\"default-btn-shortcode dt-btn dt-btn-m link-hover-off btn-inline-left  vc_custom_1674496874464\" target=\"_blank\" id=\"default-btn-4eeaf46270a68eefad73f447a40592e0\" title=\"Citro-Classica\" rel=\"noopener\"><span>Site Internet Citro-Classica<\/span><\/a>[\/vc_column_inner][\/vc_row_inner][\/vc_column][\/vc_row][vc_row full_width=\u00a0\u00bbstretch_row\u00a0\u00bb bg_type=\u00a0\u00bbbg_color\u00a0\u00bb type=\u00a0\u00bbvc_default\u00a0\u00bb margin_top=\u00a0\u00bb0&Prime; margin_bottom=\u00a0\u00bb-35&Prime; css=\u00a0\u00bb.vc_custom_1673018954407{padding-top: 70px !important;padding-bottom: 20px !important;}\u00a0\u00bb bg_color_value=\u00a0\u00bb#f7f7f7&Prime;][vc_column width=\u00a0\u00bb1\/2&Prime; offset=\u00a0\u00bbvc_col-lg-6 vc_col-md-5 vc_col-xs-12&Prime; css=\u00a0\u00bb.vc_custom_1673017106722{padding-bottom: 50px !important;}\u00a0\u00bb]<div id=\"ultimate-heading-990869ef9d788e97d\" class=\"uvc-heading ult-adjust-bottom-margin ultimate-heading-990869ef9d788e97d uvc-8672 accent-border-color uvc-heading-default-font-sizes\" data-hspacer=\"line_only\"  data-halign=\"left\" style=\"text-align:left\"><div class=\"uvc-main-heading ult-responsive\"  data-ultimate-target='.uvc-heading.ultimate-heading-990869ef9d788e97d h3'  data-responsive-json-new='{\"font-size\":\"\",\"line-height\":\"\"}' ><h3 style=\"font-weight:bold;margin-bottom:5px;\">Historic Grand Prix<\/h3><\/div><div class=\"uvc-heading-spacer line_only\" style=\"margin-bottom:30px;height:3px;\"><span class=\"uvc-headings-line\" style=\"border-style:solid;border-bottom-width:3px;border-color:#ccc;width:70px;\"><\/span><\/div><\/div>[vc_column_text]Date\u00a0: 16, 17 et 18 juin 2023<\/p>\n<p>Lieu\u00a0: Circuit Zandvoort, Les Pays-Bas<\/p>\n<p>Pour de nombreux passionn\u00e9s de sport automobile, le Grand Prix historique est l&rsquo;\u00e9v\u00e9nement de course historique le plus important des Pays-Bas et constitue l&rsquo;ultime journ\u00e9e\/week-end \u00e0 Zandvoort l&rsquo;\u00e9t\u00e9 entre amis, coll\u00e8gues, famille ou toute la famille. Des voitures F2 et F3 classiques des ann\u00e9es 1960 et 1970 aux voitures GT des z\u00e9ros, cette \u00e9dition promet d&rsquo;\u00eatre un spectacle avec plus de divertissement que jamais. Le Grand Prix Historique vous transporte dans le pass\u00e9. Profitez de la musique contemporaine, des barbecues, du style de vie, des moteurs rugissants et plus encore.[\/vc_column_text][vc_row_inner][vc_column_inner]<style type=\"text\/css\" data-type=\"the7_shortcodes-inline-css\">#default-btn-b12d901400811569f8322d02c1edd770.ico-right-side > i {\n  margin-right: 0px;\n  margin-left: 8px;\n}\n#default-btn-b12d901400811569f8322d02c1edd770 > i {\n  margin-right: 8px;\n}\n<\/style><a href=\"https:\/\/historicgrandprix.nl\" class=\"default-btn-shortcode dt-btn dt-btn-m link-hover-off btn-inline-left  vc_custom_1674496889224\" target=\"_blank\" id=\"default-btn-b12d901400811569f8322d02c1edd770\" title=\"Website Historic Grand Prix\" rel=\"noopener\"><span>Site Internet Historic Grand Prix<\/span><\/a>[\/vc_column_inner][\/vc_row_inner][\/vc_column][vc_column width=\u00a0\u00bb1\/2&Prime; offset=\u00a0\u00bbvc_col-lg-6 vc_col-md-7 vc_col-xs-12&Prime; css=\u00a0\u00bb.vc_custom_1573333782790{padding-bottom: 20px !important;}\u00a0\u00bb][vc_single_image image=\u00a0\u00bb57815&Prime; img_size=\u00a0\u00bbfull\u00a0\u00bb style=\u00a0\u00bbvc_box_shadow_3d\u00a0\u00bb css_animation=\u00a0\u00bbfadeIn\u00a0\u00bb][\/vc_column][\/vc_row][vc_row type=\u00a0\u00bbvc_default\u00a0\u00bb margin_top=\u00a0\u00bb0&Prime; margin_bottom=\u00a0\u00bb-35&Prime; css=\u00a0\u00bb.vc_custom_1573333785997{padding-top: 70px !important;padding-bottom: 20px !important;}\u00a0\u00bb][vc_column offset=\u00a0\u00bbvc_col-lg-6 vc_col-md-7 vc_col-xs-12&Prime; css=\u00a0\u00bb.vc_custom_1573333782790{padding-bottom: 20px !important;}\u00a0\u00bb][vc_single_image image=\u00a0\u00bb57821&Prime; img_size=\u00a0\u00bbfull\u00a0\u00bb style=\u00a0\u00bbvc_box_shadow_3d\u00a0\u00bb css_animation=\u00a0\u00bbfadeIn\u00a0\u00bb][\/vc_column][vc_column offset=\u00a0\u00bbvc_col-lg-6 vc_col-md-5 vc_col-xs-12&Prime; css=\u00a0\u00bb.vc_custom_1573333097721{padding-bottom: 50px !important;}\u00a0\u00bb]<div id=\"ultimate-heading-541969ef9d788e9e5\" class=\"uvc-heading ult-adjust-bottom-margin ultimate-heading-541969ef9d788e9e5 uvc-9650 accent-border-color uvc-heading-default-font-sizes\" data-hspacer=\"line_only\"  data-halign=\"left\" style=\"text-align:left\"><div class=\"uvc-main-heading ult-responsive\"  data-ultimate-target='.uvc-heading.ultimate-heading-541969ef9d788e9e5 h3'  data-responsive-json-new='{\"font-size\":\"\",\"line-height\":\"\"}' ><h3 style=\"font-weight:bold;margin-bottom:5px;\">Concours d\u2019Elegance<\/h3><\/div><div class=\"uvc-heading-spacer line_only\" style=\"margin-bottom:30px;height:3px;\"><span class=\"uvc-headings-line\" style=\"border-style:solid;border-bottom-width:3px;border-color:#ccc;width:70px;\"><\/span><\/div><\/div>[vc_column_text]Date : 1, 2 et 3 septembre 2023<\/p>\n<p>Lieu : Soestdijk Palace \u2013 Baarn, Les Pays-Bas<\/p>\n<p>Nous avons le plaisir de vous pr\u00e9senter les trois th\u00e8mes et le programme du Concours d&rsquo;El\u00e9gance Soestdijk Palace 2023 qui aura lieu les 1, 2 et 3 septembre 2023.<\/p>\n<p>Cette ann\u00e9e est consacr\u00e9e au pass\u00e9, au pr\u00e9sent et \u00e0 l&rsquo;avenir de la voiture. Des anciens classiques aux prototypes spectaculaires, et tout le reste\u00a0! En plus de toute la gloire automobile, vous pouvez profiter du PreWar Sprint, des d\u00e9fil\u00e9s de mode, de la foire royale, de la musique live et pour les enfants, il y a la Trapauto Race.[\/vc_column_text][vc_row_inner][vc_column_inner]<style type=\"text\/css\" data-type=\"the7_shortcodes-inline-css\">#default-btn-f0ca7df6c69d74ea0add297930ca6ecb.ico-right-side > i {\n  margin-right: 0px;\n  margin-left: 8px;\n}\n#default-btn-f0ca7df6c69d74ea0add297930ca6ecb > i {\n  margin-right: 8px;\n}\n<\/style><a href=\"https:\/\/concourselegance.com\" class=\"default-btn-shortcode dt-btn dt-btn-m link-hover-off btn-inline-left  vc_custom_1674496908753\" target=\"_blank\" id=\"default-btn-f0ca7df6c69d74ea0add297930ca6ecb\" title=\"Citro-Classica\" rel=\"noopener\"><span>Site Internet Concours d\u2019Elegance<\/span><\/a>[\/vc_column_inner][\/vc_row_inner][\/vc_column][\/vc_row][vc_row full_width=\u00a0\u00bbstretch_row\u00a0\u00bb bg_type=\u00a0\u00bbbg_color\u00a0\u00bb type=\u00a0\u00bbvc_default\u00a0\u00bb margin_top=\u00a0\u00bb0&Prime; margin_bottom=\u00a0\u00bb-35&Prime; css=\u00a0\u00bb.vc_custom_1673018954407{padding-top: 70px !important;padding-bottom: 20px !important;}\u00a0\u00bb bg_color_value=\u00a0\u00bb#f7f7f7&Prime;][vc_column width=\u00a0\u00bb1\/2&Prime; offset=\u00a0\u00bbvc_col-lg-6 vc_col-md-5 vc_col-xs-12&Prime; css=\u00a0\u00bb.vc_custom_1673017106722{padding-bottom: 50px !important;}\u00a0\u00bb]<div id=\"ultimate-heading-458569ef9d788ea6e\" class=\"uvc-heading ult-adjust-bottom-margin ultimate-heading-458569ef9d788ea6e uvc-9359 accent-border-color uvc-heading-default-font-sizes\" data-hspacer=\"line_only\"  data-halign=\"left\" style=\"text-align:left\"><div class=\"uvc-main-heading ult-responsive\"  data-ultimate-target='.uvc-heading.ultimate-heading-458569ef9d788ea6e h3'  data-responsive-json-new='{\"font-size\":\"\",\"line-height\":\"\"}' ><h3 style=\"font-weight:bold;margin-bottom:5px;\">24 heures 2CV Spa-Francorchamps<\/h3><\/div><div class=\"uvc-heading-spacer line_only\" style=\"margin-bottom:30px;height:3px;\"><span class=\"uvc-headings-line\" style=\"border-style:solid;border-bottom-width:3px;border-color:#ccc;width:70px;\"><\/span><\/div><\/div>[vc_column_text]Date : 29 et 30 octobre 2023<\/p>\n<p>Lieu : Route du Circuit, 55 4970 Francorchamps<\/p>\n<p>La course 2PK 24h est de retour ! La grande aventure de cette petite voiture continue sur le mythique circuit de Spa-Francorchamps. Venez sur le plus beau circuit du monde et admirez les 2HP sur le plus beau circuit du monde. L&rsquo;admission g\u00e9n\u00e9rale et l&rsquo;entr\u00e9e au paddock sont gratuites. Profitez-en !<\/p>\n<ul>\n<li>Une soixantaine de 2PK mont\u00e9es<\/li>\n<li>2 fois sur 24 \u00e0 Spa-Francorchamps<\/li>\n<li>Diverses animations<\/li>\n<li>Un salon\/vente de pi\u00e8ces pour 2PK Rassemblement<br \/>\ntraditionnel des fans de 2PK<\/li>\n<li>Spectacle sur la piste, dans les tribunes et dans les paddocks<\/li>\n<\/ul>\n<p>Bref, un week-end fantastique et une super ambiance sur le plus beau circuit du monde ![\/vc_column_text][vc_row_inner][vc_column_inner]<style type=\"text\/css\" data-type=\"the7_shortcodes-inline-css\">#default-btn-3d9454d643899fa25e7a9b392e7edd0d.ico-right-side > i {\n  margin-right: 0px;\n  margin-left: 8px;\n}\n#default-btn-3d9454d643899fa25e7a9b392e7edd0d > i {\n  margin-right: 8px;\n}\n<\/style><a href=\"https:\/\/www.spa-francorchamps.be\/nl\/agenda\/2022-10-29\/24h-2cv\" class=\"default-btn-shortcode dt-btn dt-btn-m link-hover-off btn-inline-left  vc_custom_1674496922184\" target=\"_blank\" id=\"default-btn-3d9454d643899fa25e7a9b392e7edd0d\" title=\"Site British Cars & Lifestyle\" rel=\"noopener\"><span>Site Internet 24H 2CV Spa-Francorchamps<\/span><\/a>[\/vc_column_inner][\/vc_row_inner][\/vc_column][vc_column width=\u00a0\u00bb1\/2&Prime; offset=\u00a0\u00bbvc_col-lg-6 vc_col-md-7 vc_col-xs-12&Prime; css=\u00a0\u00bb.vc_custom_1573333782790{padding-bottom: 20px !important;}\u00a0\u00bb][vc_single_image image=\u00a0\u00bb57825&Prime; img_size=\u00a0\u00bbfull\u00a0\u00bb style=\u00a0\u00bbvc_box_shadow_3d\u00a0\u00bb css_animation=\u00a0\u00bbfadeIn\u00a0\u00bb][\/vc_column][\/vc_row][vc_row type=\u00a0\u00bbvc_default\u00a0\u00bb margin_top=\u00a0\u00bb0&Prime; margin_bottom=\u00a0\u00bb-35&Prime; css=\u00a0\u00bb.vc_custom_1573333785997{padding-top: 70px !important;padding-bottom: 20px !important;}\u00a0\u00bb][vc_column offset=\u00a0\u00bbvc_col-lg-6 vc_col-md-7 vc_col-xs-12&Prime; css=\u00a0\u00bb.vc_custom_1573333782790{padding-bottom: 20px !important;}\u00a0\u00bb][vc_single_image image=\u00a0\u00bb57828&Prime; img_size=\u00a0\u00bbfull\u00a0\u00bb style=\u00a0\u00bbvc_box_shadow_3d\u00a0\u00bb css_animation=\u00a0\u00bbfadeIn\u00a0\u00bb][\/vc_column][vc_column offset=\u00a0\u00bbvc_col-lg-6 vc_col-md-5 vc_col-xs-12&Prime; css=\u00a0\u00bb.vc_custom_1573333097721{padding-bottom: 50px !important;}\u00a0\u00bb]<div id=\"ultimate-heading-909569ef9d788ead8\" class=\"uvc-heading ult-adjust-bottom-margin ultimate-heading-909569ef9d788ead8 uvc-8927 accent-border-color uvc-heading-default-font-sizes\" data-hspacer=\"line_only\"  data-halign=\"left\" style=\"text-align:left\"><div class=\"uvc-main-heading ult-responsive\"  data-ultimate-target='.uvc-heading.ultimate-heading-909569ef9d788ead8 h3'  data-responsive-json-new='{\"font-size\":\"\",\"line-height\":\"\"}' ><h3 style=\"font-weight:bold;margin-bottom:5px;\">Cars &amp; Coffee<\/h3><\/div><div class=\"uvc-heading-spacer line_only\" style=\"margin-bottom:30px;height:3px;\"><span class=\"uvc-headings-line\" style=\"border-style:solid;border-bottom-width:3px;border-color:#ccc;width:70px;\"><\/span><\/div><\/div>[vc_column_text]Date : D\u00e8s que possible, Cars &amp; Coffee sera \u00e0 nouveau organis\u00e9 au Maarsseveense Plassen !<\/p>\n<p>Lieu : parking Maarsseveense Plassen (Utrecht), Les Pays-Bas<\/p>\n<p>Le but de cette r\u00e9union est de profiter de voitures sp\u00e9ciales, d&rsquo;\u00e9changer de belles histoires et exp\u00e9riences avec d&rsquo;autres passionn\u00e9s. Et tout cela en d\u00e9gustant une tasse de caf\u00e9.<\/p>\n<p>Le Pannekoekenbakker et le caf\u00e9t\u00e9ria-glacier sont ouverts.[\/vc_column_text][vc_row_inner][vc_column_inner]<style type=\"text\/css\" data-type=\"the7_shortcodes-inline-css\">#default-btn-10f4a3a14d172f8f9d7722bdbc5c907b.ico-right-side > i {\n  margin-right: 0px;\n  margin-left: 8px;\n}\n#default-btn-10f4a3a14d172f8f9d7722bdbc5c907b > i {\n  margin-right: 8px;\n}\n<\/style><a href=\"#\" class=\"default-btn-shortcode dt-btn dt-btn-m link-hover-off btn-inline-left  vc_custom_1674496951753\" target=\"_blank\" id=\"default-btn-10f4a3a14d172f8f9d7722bdbc5c907b\" rel=\"noopener\"><span>Pour plus d&rsquo;informations, suivez ces \u00e9tapes<\/span><\/a>[\/vc_column_inner][\/vc_row_inner][\/vc_column][\/vc_row]<\/p>\n<\/section>","protected":false},"excerpt":{"rendered":"<p>[vc_row full_width=\u00a0\u00bbstretch_row\u00a0\u00bb bg_type=\u00a0\u00bbimage\u00a0\u00bb parallax_style=\u00a0\u00bbvcpb-default\u00a0\u00bb bg_image_new=\u00a0\u00bbid^57804|url^https:\/\/plevier.com\/wp-content\/uploads\/2023\/01\/Evenementen-1.png|caption^null|alt^null|title^Evenementen|description^null\u00a0\u00bb bg_image_repeat=\u00a0\u00bbno-repeat\u00a0\u00bb type=\u00a0\u00bbvc_default\u00a0\u00bb margin_top=\u00a0\u00bb-50&Prime; css=\u00a0\u00bb.vc_custom_1673017747748{padding-top: 8% !important;padding-bottom: 8% !important;background-color: #000000 !important;}\u00a0\u00bb][vc_column offset=\u00a0\u00bbvc_col-lg-12 vc_col-md-12&Prime; css=\u00a0\u00bb.vc_custom_1476030031960{padding-bottom: 10px !important;}\u00a0\u00bb][\/vc_column][\/vc_row][vc_row][vc_column][vc_column_text css=\u00a0\u00bb.vc_custom_1674496092849{padding-top: 30px !important;padding-bottom: 30px !important;}\u00a0\u00bb] Voulez-vous profiter de voitures sp\u00e9ciales? Alors visitez l&rsquo;un des \u00e9v\u00e9nements ci-dessous! [\/vc_column_text][\/vc_column][\/vc_row][vc_row full_width=\u00a0\u00bbstretch_row\u00a0\u00bb bg_type=\u00a0\u00bbbg_color\u00a0\u00bb type=\u00a0\u00bbvc_default\u00a0\u00bb margin_top=\u00a0\u00bb0&Prime; margin_bottom=\u00a0\u00bb-35&Prime; css=\u00a0\u00bb.vc_custom_1673018954407{padding-top: 70px !important;padding-bottom: 20px !important;}\u00a0\u00bb bg_color_value=\u00a0\u00bb#f7f7f7&Prime;][vc_column width=\u00a0\u00bb1\/2&Prime; offset=\u00a0\u00bbvc_col-lg-6 vc_col-md-5 vc_col-xs-12&Prime; css=\u00a0\u00bb.vc_custom_1673017106722{padding-bottom: 50px !important;}\u00a0\u00bb][vc_column_text]Date&hellip;<\/p>\n","protected":false},"author":1,"featured_media":0,"parent":0,"menu_order":10,"comment_status":"closed","ping_status":"closed","template":"","meta":{"footnotes":""},"class_list":["post-57776","page","type-page","status-publish","hentry","description-off"],"_links":{"self":[{"href":"https:\/\/plevier.com\/fr\/wp-json\/wp\/v2\/pages\/57776","targetHints":{"allow":["GET"]}}],"collection":[{"href":"https:\/\/plevier.com\/fr\/wp-json\/wp\/v2\/pages"}],"about":[{"href":"https:\/\/plevier.com\/fr\/wp-json\/wp\/v2\/types\/page"}],"author":[{"embeddable":true,"href":"https:\/\/plevier.com\/fr\/wp-json\/wp\/v2\/users\/1"}],"replies":[{"embeddable":true,"href":"https:\/\/plevier.com\/fr\/wp-json\/wp\/v2\/comments?post=57776"}],"version-history":[{"count":59,"href":"https:\/\/plevier.com\/fr\/wp-json\/wp\/v2\/pages\/57776\/revisions"}],"predecessor-version":[{"id":58031,"href":"https:\/\/plevier.com\/fr\/wp-json\/wp\/v2\/pages\/57776\/revisions\/58031"}],"wp:attachment":[{"href":"https:\/\/plevier.com\/fr\/wp-json\/wp\/v2\/media?parent=57776"}],"curies":[{"name":"wp","href":"https:\/\/api.w.org\/{rel}","templated":true}]}}